{"id":12743,"date":"2025-11-06T20:20:29","date_gmt":"2025-11-06T19:20:29","guid":{"rendered":"https:\/\/osowski-violins.com\/polityka-prywatnosci\/"},"modified":"2025-11-06T20:20:31","modified_gmt":"2025-11-06T19:20:31","slug":"polityka-prywatnosci","status":"publish","type":"page","link":"https:\/\/osowski-violins.com\/pl\/polityka-prywatnosci\/","title":{"rendered":"Polityka prywatno\u015bci"},"content":{"rendered":"\t\t<div data-elementor-type=\"wp-page\" data-elementor-id=\"12743\" class=\"elementor elementor-12743 elementor-579\" data-elementor-post-type=\"page\">\n\t\t\t\t\t\t<section class=\"elementor-section elementor-top-section elementor-element elementor-element-b8d3b36 elementor-section-boxed elementor-section-height-default elementor-section-height-default\" data-id=\"b8d3b36\" data-element_type=\"section\" data-e-type=\"section\">\n\t\t\t\t\t\t<div class=\"elementor-container elementor-column-gap-default\">\n\t\t\t\t\t<div class=\"elementor-column elementor-col-100 elementor-top-column elementor-element elementor-element-b95c7f5\" data-id=\"b95c7f5\" data-element_type=\"column\" data-e-type=\"column\">\n\t\t\t<div class=\"elementor-widget-wrap elementor-element-populated\">\n\t\t\t\t\t\t<div class=\"elementor-element elementor-element-b9ff4a0 elementor-widget elementor-widget-heading\" data-id=\"b9ff4a0\" data-element_type=\"widget\" data-e-type=\"widget\" data-widget_type=\"heading.default\">\n\t\t\t\t<div class=\"elementor-widget-container\">\n\t\t\t\t\t<h2 class=\"elementor-heading-title elementor-size-default\">Polityka prywatno\u015bci<\/h2>\t\t\t\t<\/div>\n\t\t\t\t<\/div>\n\t\t\t\t<div class=\"elementor-element elementor-element-abb1a8c elementor-widget elementor-widget-text-editor\" data-id=\"abb1a8c\" data-element_type=\"widget\" data-e-type=\"widget\" data-widget_type=\"text-editor.default\">\n\t\t\t\t<div class=\"elementor-widget-container\">\n\t\t\t\t\t\t\t\t\t<p>oni\u017cej informujemy Pa\u0144stwa zgodnie z wymogami prawnymi dotycz\u0105cymi ochrony danych osobowych (w szczeg\u00f3lno\u015bci zgodnie z niemieck\u0105 ustaw\u0105 BDSG n.F. oraz europejskim Rozporz\u0105dzeniem o Ochronie Danych Osobowych \u2013 RODO \/ DS-GVO) o rodzaju, zakresie i celu przetwarzania danych osobowych przez nasz\u0105 firm\u0119.<br>Niniejsza polityka prywatno\u015bci obowi\u0105zuje r\u00f3wnie\u017c w odniesieniu do naszych stron internetowych i profili w mediach spo\u0142eczno\u015bciowych.<br>W kwestii definicji poj\u0119\u0107, takich jak \u201edane osobowe\u201d czy \u201eprzetwarzanie\u201d, odsy\u0142amy do art. 4 RODO.  <\/p><p>Nazwa i dane kontaktowe administratora danych<br>Administratorem danych (zwanym dalej \u201eadministratorem\u201d) w rozumieniu art. 4 pkt 7 RODO jest: <\/p><p>Ryszard Osowski Geigenbau<br>Ryszard Osowski<br>Bayreutherstra\u00dfe 9<br>91301 Forchheim, Niemcy<br>S\u0105d rejestrowy: Amtsgericht Forchheim<br>E-mail: <a href=\"mailto:info@osowski-violins.com\">info@osowski-violins.com<\/a><\/p><p><strong>Rodzaje danych, cele przetwarzania i kategorie os\u00f3b, kt\u00f3rych dane dotycz\u0105<\/strong><\/p><p>Poni\u017cej przedstawiamy informacje dotycz\u0105ce rodzaju, zakresu i celu gromadzenia oraz przetwarzania danych osobowych.<\/p><p>1. Rodzaje danych, kt\u00f3re przetwarzamy:<br>dane u\u017cytkowania (czasy dost\u0119pu, odwiedzane strony internetowe itp.),<br>dane podstawowe (imi\u0119, nazwisko, adres itp.),<br>dane kontaktowe (numer telefonu, e-mail, faks itp.),<br>dane p\u0142atnicze (rachunek bankowy, historia p\u0142atno\u015bci itp.).<\/p><p><strong>2. Cele przetwarzania zgodnie z art. 13 ust. 1 lit. c RODO: <\/strong><br>realizacja um\u00f3w,<br>cele dowodowe i zabezpieczenie roszcze\u0144,<br>optymalizacja techniczna i ekonomiczna strony internetowej,<br>poprawa do\u015bwiadczenia u\u017cytkownika,<br>tworzenie przyjaznej obs\u0142ugi strony,<br>marketing, sprzeda\u017c, reklama.<\/p><p><strong>3. Kategorien der betroffenen Personen nach Art. 13 Abs. 1 e) DS-GVO <\/strong><br>odwiedzaj\u0105cy \/ u\u017cytkownicy strony internetowej,<br>klienci,<br>osoby zainteresowane.<\/p><p>W dalszej cz\u0119\u015bci osoby te okre\u015blane s\u0105 \u0142\u0105cznie jako \u201eu\u017cytkownicy\u201d.<\/p><p><strong>Podstawy prawne przetwarzania danych osobowych<\/strong><\/p><p>Poni\u017cej informujemy o podstawie prawnej przetwarzania danych osobowych:<\/p><ol><li>Je\u015bli uzyskali\u015bmy Pa\u0144stwa zgod\u0119 na przetwarzanie danych osobowych, podstaw\u0105 prawn\u0105 jest art. 6 ust. 1 lit. a RODO.  <\/li><li>Je\u017celi przetwarzanie jest niezb\u0119dne do wykonania umowy lub podj\u0119cia dzia\u0142a\u0144 przedumownych na Pa\u0144stwa \u017c\u0105danie, podstaw\u0105 jest art. 6 ust. 1 lit. b RODO.  <\/li><li>Je\u015bli przetwarzanie jest wymagane w celu wype\u0142nienia obowi\u0105zku prawnego (np. obowi\u0105zki archiwizacyjne), podstaw\u0105 jest art. 6 ust. 1 lit. c RODO.  <\/li><li>Je\u015bli przetwarzanie ma na celu ochron\u0119 \u017cywotnych interes\u00f3w osoby, kt\u00f3rej dane dotycz\u0105, lub innej osoby fizycznej, podstaw\u0105 jest art. 6 ust. 1 lit. d RODO.  <\/li><li>Je\u015bli przetwarzanie jest niezb\u0119dne do realizacji prawnie uzasadnionych interes\u00f3w administratora lub strony trzeciej i interesy, prawa lub wolno\u015bci osoby, kt\u00f3rej dane dotycz\u0105, nie przewa\u017caj\u0105, podstaw\u0105 jest art. 6 ust. 1 lit. f RODO.  <\/li><\/ol><p><strong>Przekazywanie danych osobowych osobom trzecim i podmiotom przetwarzaj\u0105cym<\/strong><\/p><p>Bez Pa\u0144stwa zgody zasadniczo nie przekazujemy danych osobom trzecim.<br>Je\u015bli jednak przekazanie nast\u0105pi, odbywa si\u0119 ono wy\u0142\u0105cznie na podstawie powy\u017cszych przepis\u00f3w, np. w celu realizacji umowy (przekazanie danych dostawcom p\u0142atno\u015bci online), na mocy orzeczenia s\u0105du lub obowi\u0105zku prawnego (np. w celu \u015bcigania przest\u0119pstw lub ochrony praw autorskich).<br>Korzystamy r\u00f3wnie\u017c z us\u0142ug podmiot\u00f3w przetwarzaj\u0105cych dane (zewn\u0119trznych us\u0142ugodawc\u00f3w, np. hosting stron internetowych). Przekazywanie danych tym podmiotom odbywa si\u0119 zawsze zgodnie z art. 28 RODO.<br>Wybieramy naszych us\u0142ugodawc\u00f3w z najwy\u017csz\u0105 staranno\u015bci\u0105, regularnie ich kontrolujemy, zapewniamy sobie prawo wydawania wi\u0105\u017c\u0105cych instrukcji i wymagamy stosowania odpowiednich \u015brodk\u00f3w technicznych i organizacyjnych zgodnych z RODO.     <\/p><p><strong>Przekazywanie danych do pa\u0144stw trzecich<\/strong><\/p><p>Dzi\u0119ki obowi\u0105zywaniu RODO w ca\u0142ej Europie ochrona danych osobowych zosta\u0142a ujednolicona.<br>Dane s\u0105 zatem przetwarzane g\u0142\u00f3wnie przez podmioty, kt\u00f3re podlegaj\u0105 RODO.<br>Je\u015bli jednak przetwarzanie odbywa si\u0119 poza Europejskim Obszarem Gospodarczym, mo\u017cliwe jest to tylko wtedy, gdy spe\u0142nione s\u0105 wymogi art. 44 i nast. RODO \u2014 np. poprzez decyzj\u0119 Komisji Europejskiej o odpowiednim poziomie ochrony danych lub stosowanie tzw. standardowych klauzul umownych.<br>W przypadku firm ameryka\u0144skich wym\u00f3g ten spe\u0142nia uczestnictwo w programie EU\u2013US Privacy Shield.    <\/p><p><strong>Usuwanie danych i okres przechowywania<\/strong><\/p><p>O ile w niniejszej polityce nie wskazano inaczej, dane osobowe s\u0105 usuwane lub blokowane, gdy cel ich przetwarzania przestaje istnie\u0107, chyba \u017ce ich dalsze przechowywanie jest wymagane dla cel\u00f3w dowodowych lub na podstawie przepis\u00f3w prawa.<br>Przyk\u0142adowo:<br>obowi\u0105zki handlowe dotycz\u0105ce przechowywania korespondencji \u2013 6 lat (\u00a7 257 ust. 1 HGB),<br>obowi\u0105zki podatkowe dotycz\u0105ce przechowywania dokument\u00f3w \u2013 10 lat (\u00a7 147 ust. 1 AO).<br>Po up\u0142ywie wskazanych okres\u00f3w dane s\u0105 usuwane lub blokowane, o ile nie s\u0105 nadal niezb\u0119dne do realizacji lub zawarcia umowy.    <\/p><p><strong>Zautomatyzowane podejmowanie decyzji<\/strong><\/p><p>Nie stosujemy \u017cadnego automatycznego podejmowania decyzji ani profilowania.<\/p><p><strong>Udost\u0119pnianie strony internetowej i tworzenie log\u00f3w serwera<\/strong><\/p><ol><li>Podczas czysto informacyjnego korzystania z naszej strony internetowej (bez rejestracji czy przesy\u0142ania danych) zbieramy wy\u0142\u0105cznie te dane, kt\u00f3re Pa\u0144stwa przegl\u0105darka przesy\u0142a do naszego serwera:<br>adres IP,<br>&#8211; dostawca us\u0142ug internetowych,<br>&#8211; data i godzina dost\u0119pu,<br>&#8211; typ i wersja przegl\u0105darki,<br>&#8211; j\u0119zyk przegl\u0105darki,<br>&#8211; zawarto\u015b\u0107 \u017c\u0105dania (otwierana strona),<br>&#8211; strefa czasowa,<br>&#8211; status HTTP \/ kod odpowiedzi,<br>&#8211; ilo\u015b\u0107 przes\u0142anych danych,<br>&#8211; strona, z kt\u00f3rej nast\u0105pi\u0142o przekierowanie,<br>&#8211; system operacyjny.<br>Dane te nie s\u0105 \u0142\u0105czone z innymi danymi osobowymi. <\/li><li>S\u0142u\u017c\u0105 one do zapewnienia funkcjonalnego, bezpiecznego i przyjaznego u\u017cytkownikowi dzia\u0142ania strony oraz jej optymalizacji i analizy statystycznej.<\/li><li>Podstaw\u0105 prawn\u0105 przetwarzania danych jest uzasadniony interes administratora zgodnie z art. 6 ust. 1 lit. f RODO.  <\/li><li>Dane te przechowujemy w tzw. logach serwera przez okres 10 dni.<br>Po up\u0142ywie tego czasu dane s\u0105 automatycznie usuwane, o ile nie s\u0105 potrzebne jako dow\u00f3d w przypadku ataku na infrastruktur\u0119 serwera lub innych narusze\u0144 prawa. <\/li><\/ol><p><strong>Pliki Cookies<\/strong><\/p><ol><li>Podczas odwiedzania naszej strony internetowej korzystamy z tzw. plik\u00f3w cookies. Cookies to niewielkie pliki tekstowe, kt\u00f3re przegl\u0105darka internetowa zapisuje na Pa\u0144stwa komputerze. Przy ponownym wej\u015bciu na nasz\u0105 stron\u0119 pliki cookies przekazuj\u0105 informacje, kt\u00f3re umo\u017cliwiaj\u0105 automatyczne rozpoznanie u\u017cytkownika. Uzyskane w ten spos\u00f3b dane s\u0142u\u017c\u0105 do technicznej i ekonomicznej optymalizacji naszej oferty internetowej oraz do zapewnienia Pa\u0144stwu \u0142atwiejszego i bezpieczniejszego dost\u0119pu do naszej strony.<br>Podczas pierwszego wej\u015bcia na stron\u0119 informujemy o stosowaniu plik\u00f3w cookies w celach wymienionych powy\u017cej oraz o mo\u017cliwo\u015bci wyra\u017cenia sprzeciwu wobec ich u\u017cywania lub zablokowania ich zapisu (\u201eopt-out\u201d).<br>Nasza strona korzysta z cookies sesyjnych, sta\u0142ych (persistent cookies) oraz cookies podmiot\u00f3w trzecich (third-party cookies):     <p>Cookies sesyjne<br>U\u017cywamy tzw. cookies sesyjnych w celu rozpoznania wielokrotnego korzystania z naszej oferty przez tego samego u\u017cytkownika (np. w celu sprawdzenia statusu logowania). Przy ponownym wej\u015bciu na stron\u0119 cookies przekazuj\u0105 informacje umo\u017cliwiaj\u0105ce automatyczne rozpoznanie u\u017cytkownika. Dane te pomagaj\u0105 w optymalizacji naszych us\u0142ug i u\u0142atwiaj\u0105 korzystanie z serwisu. Po zamkni\u0119ciu przegl\u0105darki lub wylogowaniu si\u0119, cookies sesyjne s\u0105 usuwane.   <\/p><p>Cookies sta\u0142e<br>S\u0105 one usuwane automatycznie po up\u0142ywie okre\u015blonego czasu, kt\u00f3ry r\u00f3\u017cni si\u0119 w zale\u017cno\u015bci od danego pliku cookie. W ustawieniach bezpiecze\u0144stwa przegl\u0105darki mog\u0105 Pa\u0144stwo w ka\u017cdej chwili usun\u0105\u0107 cookies r\u0119cznie. <\/p><p>Cookies podmiot\u00f3w trzecich<br>Zgodnie z w\u0142asnymi preferencjami mog\u0105 Pa\u0144stwo skonfigurowa\u0107 ustawienia przegl\u0105darki tak, aby odrzuca\u0142a cookies podmiot\u00f3w trzecich lub wszystkie cookies. Nale\u017cy jednak pami\u0119ta\u0107, \u017ce w takim przypadku niekt\u00f3re funkcje strony mog\u0105 nie by\u0107 dost\u0119pne w pe\u0142nym zakresie. Wi\u0119cej informacji na temat tych plik\u00f3w znajduje si\u0119 w odpowiednich politykach prywatno\u015bci zewn\u0119trznych dostawc\u00f3w us\u0142ug.  <\/p><\/li><li>Podstaw\u0105 prawn\u0105 przetwarzania danych za pomoc\u0105 cookies jest art. 6 ust. 1 lit. b RODO, je\u015bli cookies s\u0105 niezb\u0119dne do realizacji umowy (np. przy sk\u0142adaniu zam\u00f3wie\u0144). W pozosta\u0142ych przypadkach podstaw\u0105 prawn\u0105 jest nasze uzasadnione zainteresowanie w zapewnieniu efektywnego dzia\u0142ania strony internetowej zgodnie z art. 6 ust. 1 lit. f RODO.    <\/li><li>Sprzeciw i \u201eOpt-out\u201d:<br>Zapisywanie cookies na dysku twardym mo\u017cna og\u00f3lnie zablokowa\u0107, wybieraj\u0105c w ustawieniach przegl\u0105darki opcj\u0119 \u201enie akceptuj plik\u00f3w cookies\u201d. Mo\u017ce to jednak ograniczy\u0107 funkcjonalno\u015b\u0107 strony.<br>Mog\u0105 Pa\u0144stwo r\u00f3wnie\u017c sprzeciwi\u0107 si\u0119 stosowaniu cookies podmiot\u00f3w trzecich do cel\u00f3w reklamowych, korzystaj\u0105c z poni\u017cszych stron:<br>Strona ameryka\u0144ska: <a href=\"https:\/\/optout.aboutads.info\/\" target=\"_blank\" rel=\"nofollow noopener\">https:\/\/optout.aboutads.info<br><\/a><a href=\"http:\/\/www.youronlinechoices.com\/de\/praferenzmanagement\/\" target=\"_blank\" rel=\"nofollow noopener\">(http:\/\/www.youronlinechoices.com\/de\/praferenzmanagement\/) widersprechen.<\/a>  <\/li><\/ol><p><strong>Realizacja um\u00f3w<\/strong><\/p><ol><li>Przetwarzamy dane podstawowe (np. nazwa firmy, tytu\u0142, imi\u0119 i nazwisko, adres i dane kontaktowe), dane umowne (np. \u015bwiadczone us\u0142ugi, dane os\u00f3b kontaktowych) oraz dane p\u0142atnicze (np. numer konta, historia p\u0142atno\u015bci) w celu realizacji naszych zobowi\u0105za\u0144 umownych zgodnie z art. 6 ust. 1 lit. b RODO.<br>Pola oznaczone jako obowi\u0105zkowe w formularzach online s\u0105 niezb\u0119dne do zawarcia umowy.   <\/li><li>Dane te nie s\u0105 przekazywane osobom trzecim, chyba \u017ce jest to konieczne do dochodzenia roszcze\u0144 (np. przekazanie danych kancelarii prawnej) lub do realizacji umowy (np. przekazanie danych operatorowi p\u0142atno\u015bci), b\u0105d\u017a gdy wynika to z obowi\u0105zku prawnego (art. 6 ust. 1 lit. c RODO).   <\/li><li>Mo\u017cemy r\u00f3wnie\u017c przetwarza\u0107 przekazane dane, aby informowa\u0107 Pa\u0144stwa o innych produktach z naszej oferty lub przesy\u0142a\u0107 wiadomo\u015bci techniczne.<\/li><li>Na podstawie przepis\u00f3w handlowych i podatkowych jeste\u015bmy zobowi\u0105zani do przechowywania danych adresowych, p\u0142atniczych i zam\u00f3wie\u0144 przez okres 10 lat. Po 3 latach od zako\u0144czenia umowy ograniczamy jednak ich przetwarzanie wy\u0142\u0105cznie do spe\u0142nienia wymog\u00f3w prawnych.<br>Dane w koncie u\u017cytkownika pozostaj\u0105 do momentu jego usuni\u0119cia.<br>    <\/li><\/ol><p><strong>Operatorzy p\u0142atno\u015bci online<\/strong><\/p><ol><li>Operatorzy p\u0142atno\u015bci online<br>Przy p\u0142atno\u015bci za pomoc\u0105 \u201ePayPal\u201d rozliczenie odbywa si\u0119 za po\u015brednictwem PayPal (Europe) S.\u00e0 r.l. et Cie, S.C.A., 22-24 Boulevard Royal, L-2449 Luksemburg, Web: <a href=\"https:\/\/www.paypal.de\/\" target=\"_blank\" rel=\"nofollow noopener\">paypal.de<\/a>. <a href=\"https:\/\/www.paypal.com\/de\/webapps\/mpp\/ua\/privacy-full\" target=\"_blank\" rel=\"nofollow noopener\">https:\/\/www.paypal.com\/de\/webapps\/mpp\/ua\/privacy-full<\/a><br><br><br>Przy p\u0142atno\u015bci przez \u201eSofort.com\u201d rozliczenie odbywa si\u0119 za po\u015brednictwem Klarna GmbH, Theresienh\u00f6he 12, 80339 Monachium, <a href=\"https:\/\/www.klarna.com\/sofort\/datenschutz\/\" target=\"_blank\" rel=\"nofollow noopener\">https:\/\/www.klarna.com\/sofort\/datenschutz\/<\/a><br><br><br>Operatorzy p\u0142atno\u015bci gromadz\u0105, przechowuj\u0105 i przetwarzaj\u0105 dane dotycz\u0105ce korzystania i rozlicze\u0144 w celu realizacji transakcji. Dane te s\u0105 przetwarzane wy\u0142\u0105cznie przez nich. W przypadku problem\u00f3w z p\u0142atno\u015bci\u0105 mog\u0105 one zosta\u0107 przekazane administratorowi, kt\u00f3ry mo\u017ce zablokowa\u0107 konto u\u017cytkownika.<br>Podstaw\u0105 prawn\u0105 przetwarzania jest art. 6 ust. 1 lit. b RODO (realizacja umowy), a w przypadku korzystania z zewn\u0119trznych operator\u00f3w \u2014 tak\u017ce art. 6 ust. 1 lit. f RODO (uzasadniony interes administratora w zapewnieniu bezpiecznych i wygodnych metod p\u0142atno\u015bci).<br><br><br>W sprawie okresu przechowywania danych, prawa do sprzeciwu i informacji odsy\u0142amy do polityk prywatno\u015bci poszczeg\u00f3lnych operator\u00f3w.    <\/li><li>Podstaw\u0105 prawn\u0105 przetwarzania jest art. 6 ust. 1 lit. b RODO (realizacja umowy), a w przypadku korzystania z zewn\u0119trznych operator\u00f3w \u2014 tak\u017ce art. 6 ust. 1 lit. f RODO (uzasadniony interes administratora w zapewnieniu bezpiecznych i wygodnych metod p\u0142atno\u015bci).     <\/li><li>W sprawie okresu przechowywania danych, prawa do sprzeciwu i informacji odsy\u0142amy do polityk prywatno\u015bci poszczeg\u00f3lnych operator\u00f3w.<\/li><\/ol><p><strong>Korzystanie z funkcji bloga \/ komentarzy<\/strong><\/p><ol><li>Na naszym blogu mog\u0105 Pa\u0144stwo zamieszcza\u0107 publiczne komentarze do opublikowanych tre\u015bci. Mo\u017cna u\u017cywa\u0107 pseudonimu zamiast prawdziwego imienia i nazwiska. Adres e-mail jest wymagany, pozosta\u0142e informacje s\u0105 dobrowolne.   <\/li><li>Podczas dodawania komentarza zapisujemy adres IP, dat\u0119 i godzin\u0119 \u2014 dane te s\u0105 usuwane po 10 dniach. Zapis odbywa si\u0119 w uzasadnionym interesie obrony przed ewentualnymi roszczeniami w przypadku publikacji nielegalnych lub nieprawdziwych tre\u015bci. Adres e-mail przechowywany jest w celu umo\u017cliwienia kontaktu w razie spor\u00f3w prawnych dotycz\u0105cych komentarzy.  <\/li><li>Podstaw\u0105 prawn\u0105 jest art. 6 ust. 1 lit. b i f RODO.  <\/li><li>Komentarze nie s\u0105 weryfikowane przed publikacj\u0105. W przypadku skarg zastrzegamy sobie prawo do ich usuni\u0119cia. Dane nie s\u0105 przekazywane osobom trzecim, chyba \u017ce jest to konieczne lub wymagane prawnie (art. 6 ust. 1 lit. c RODO).  <\/li><li>Dane s\u0105 usuwane, gdy nie s\u0105 ju\u017c potrzebne do cel\u00f3w, w kt\u00f3rych zosta\u0142y zebrane.<\/li><\/ol><p><strong>Google Maps<\/strong><\/p><ol><li>Na naszej stronie zintegrowali\u015bmy mapy Google Maps (Google Ireland Limited, Gordon House, Barrow Street, Dublin 4, Irlandia). Umo\u017cliwia to wy\u015bwietlanie lokalizacji adres\u00f3w i tras dojazdu bezpo\u015brednio na stronie. <\/li><li>Podczas wywo\u0142ania strony z wbudowan\u0105 map\u0105 nawi\u0105zywane jest po\u0142\u0105czenie z serwerami Google w USA. Mo\u017ce doj\u015b\u0107 do przekazania adresu IP i lokalizacji u\u017cytkownika. Je\u015bli s\u0105 Pa\u0144stwo zalogowani na konto Google, dane te mog\u0105 zosta\u0107 powi\u0105zane z kontem. W przeciwnym razie Google tworzy profil u\u017cytkownika w celach reklamowych, badawczych i optymalizacyjnych.      <\/li><li>Podstaw\u0105 prawn\u0105 przetwarzania jest art. 6 ust. 1 lit. f RODO (uzasadniony interes w prezentacji naszej oferty w atrakcyjny spos\u00f3b).  <\/li><li>Mog\u0105 Pa\u0144stwo sprzeciwi\u0107 si\u0119 tworzeniu profilu u\u017cytkownika bezpo\u015brednio w Google. Ustawienia dotycz\u0105ce reklamowych cookies mo\u017cna zmieni\u0107 tutaj:  <br><a href=\"https:\/\/adssettings.google.com\/authenticated\" target=\"_blank\" rel=\"nofollow noopener\">https:\/\/adssettings.google.com\/authenticated<\/a>.<\/li><li>Wi\u0119cej informacji o zasadach korzystania i ochronie danych znajduje si\u0119 w:<br>Warunki korzystania z Google Maps: <a href=\"https:\/\/www.google.com\/intl\/de_de\/help\/terms_maps.html\" target=\"_blank\" rel=\"nofollow noopener\">https:\/\/www.google.com\/intl\/de_de\/help\/terms_maps.html<\/a><br>i <a href=\"https:\/\/policies.google.com\/technologies\/ads\" target=\"_blank\" rel=\"nofollow noopener\">https:\/\/policies.google.com\/technologies\/ads<\/a><br>Polityka prywatno\u015bci Google: <a href=\"https:\/\/policies.google.com\/privacy\" target=\"_blank\" rel=\"nofollow noopener\">https:\/\/policies.google.com\/privacy<\/a> <\/li><li>Google jest certyfikowane w ramach EU-US Privacy Shield: <a href=\"https:\/\/www.privacyshield.gov\/EU-US-Framework\" target=\"_blank\" rel=\"nofollow noopener\">https:\/\/www.privacyshield.gov\/EU-US-Framework<\/a><\/li><\/ol><p><strong>Obecno\u015b\u0107 w mediach spo\u0142eczno\u015bciowych<\/strong><\/p><ol><li>Prowadzimy profile lub strony firmowe w mediach spo\u0142eczno\u015bciowych w celu komunikacji z u\u017cytkownikami oraz informowania o naszych produktach, ofertach i us\u0142ugach. Dostawcy z USA s\u0105 certyfikowani w ramach tzw. Privacy Shield i tym samym zobowi\u0105zani do przestrzegania europejskich przepis\u00f3w o ochronie danych.  <\/li><li>Podczas korzystania z naszych profili w poszczeg\u00f3lnych sieciach spo\u0142eczno\u015bciowych obowi\u0105zuj\u0105 polityki prywatno\u015bci i warunki u\u017cytkowania w\u0142a\u015bciwe dla danego serwisu.<\/li><li>Przetwarzamy dane, kt\u00f3re u\u017cytkownicy przekazuj\u0105 nam za po\u015brednictwem tych sieci, w celu prowadzenia komunikacji i odpowiadania na wiadomo\u015bci.<br>Podstaw\u0105 prawn\u0105 przetwarzania danych osobowych jest nasze uzasadnione zainteresowanie w zakresie komunikacji z u\u017cytkownikami i prezentacji zewn\u0119trznej w celach marketingowych zgodnie z art. 6 ust. 1 lit. f RODO.<br>Je\u017celi u\u017cytkownik udzieli\u0142 administratorowi danego serwisu spo\u0142eczno\u015bciowego zgody na przetwarzanie swoich danych osobowych, podstaw\u0105 prawn\u0105 jest art. 6 ust. 1 lit. a oraz art. 7 RODO.     <\/li><li>Polityki prywatno\u015bci, mo\u017cliwo\u015bci uzyskania informacji i rezygnacji (\u201eOpt-Out\u201d) poszczeg\u00f3lnych sieci znajduj\u0105 si\u0119 poni\u017cej:<p>Facebook (Facebook Ireland Ltd., 4 Grand Canal Square, Grand Canal Harbour, Dublin 2, Irlandia)<br>Polityka prywatno\u015bci: <a href=\"https:\/\/www.facebook.com\/about\/privacy\/\" target=\"_blank\" rel=\"nofollow noopener\">https:\/\/www.facebook.com\/about\/privacy\/<br>Opt-Out: <\/a><a href=\"https:\/\/www.facebook.com\/settings?tab=ads\" target=\"_blank\" rel=\"nofollow noopener\">https:\/\/www.facebook.com\/settings?tab=ads<\/a><br>oraz <a href=\"http:\/\/www.youronlinechoices.com\/\" target=\"_blank\" rel=\"nofollow noopener\">http:\/\/www.youronlinechoices.com<\/a><br>Privacy Shield: <a href=\"https:\/\/www.privacyshield.gov\/participant?id=a2zt0000000GnywAAC&amp;status=Active\" target=\"_blank\" rel=\"nofollow noopener\">https:\/\/www.privacyshield.gov\/participant?id=a2zt0000000GnywAAC&amp;status=Active<\/a><br><br> <\/p><p>Instagram (Instagram Inc., 1601 Willow Road, Menlo Park, CA, 94025, USA)<br>Polityka prywatno\u015bci \/ Opt-Out: <a href=\"http:\/\/instagram.com\/about\/legal\/privacy\/\" target=\"_blank\" rel=\"nofollow noopener\">http:\/\/instagram.com\/about\/legal\/privacy\/<\/a><\/p><p>XING (XING AG, Dammtorstra\u00dfe 29\u201332, 20354 Hamburg, Niemcy)<br>Polityka prywatno\u015bci \/ Opt-Out: h<a href=\"https:\/\/privacy.xing.com\/de\/datenschutzerklaerung\" target=\"_blank\" rel=\"nofollow noopener\">ttps:\/\/privacy.xing.com\/de\/datenschutzerklaerung<\/a><\/p><p>LinkedIn (LinkedIn Ireland Unlimited Company, Wilton Place, Dublin 2, Irlandia)<br>Polityka prywatno\u015bci: <a href=\"https:\/\/www.linkedin.com\/legal\/privacy-policy\" target=\"_blank\" rel=\"nofollow noopener\">https:\/\/www.linkedin.com\/legal\/privacy-policy<\/a><br>Polityka cookies i Opt-Out: <a href=\"https:\/\/www.linkedin.com\/legal\/cookie-policy\" target=\"_blank\" rel=\"nofollow noopener\">https:\/\/www.linkedin.com\/legal\/cookie-policy<\/a><br>Privacy Shield (LinkedIn Inc., USA): <a href=\"https:\/\/www.privacyshield.gov\/participant?id=a2zt0000000L0UZAA0&amp;status=Active\" target=\"_blank\" rel=\"nofollow noopener\">https:\/\/www.privacyshield.gov\/participant?id=a2zt0000000L0UZAA0&amp;status=Active<\/a><\/p><\/li><\/ol><p><strong>Prawa osoby, kt\u00f3rej dane dotycz\u0105<\/strong><\/p><ol><li><strong>Sprzeciw lub cofni\u0119cie zgody na przetwarzanie danych<\/strong><p>Je\u017celi przetwarzanie odbywa si\u0119 na podstawie zgody zgodnie z art. 6 ust. 1 lit. a oraz art. 7 RODO, maj\u0105 Pa\u0144stwo prawo w dowolnym momencie cofn\u0105\u0107 zgod\u0119. Cofni\u0119cie nie wp\u0142ywa na zgodno\u015b\u0107 z prawem przetwarzania, kt\u00f3re mia\u0142o miejsce przed jego wycofaniem.   <\/p><p>Je\u017celi przetwarzanie danych osobowych odbywa si\u0119 na podstawie art. 6 ust. 1 lit. f RODO (uzasadniony interes), mog\u0105 Pa\u0144stwo wnie\u015b\u0107 sprzeciw wobec przetwarzania. Dotyczy to szczeg\u00f3lnie sytuacji, gdy przetwarzanie nie jest niezb\u0119dne do realizacji umowy z Pa\u0144stwem. W przypadku wniesienia sprzeciwu prosimy o uzasadnienie, dlaczego Pa\u0144stwa dane nie powinny by\u0107 dalej przetwarzane w okre\u015blony spos\u00f3b. Po jego otrzymaniu dokonamy analizy i \u2013 w zale\u017cno\u015bci od wyniku \u2013 zako\u0144czymy lub dostosujemy przetwarzanie, albo przedstawimy istotne, nadrz\u0119dne powody prawne uzasadniaj\u0105ce kontynuacj\u0119.     <\/p><p>Mog\u0105 Pa\u0144stwo w ka\u017cdej chwili wnie\u015b\u0107 sprzeciw wobec przetwarzania danych osobowych w celach reklamowych lub analitycznych \u2013 bez \u017cadnych koszt\u00f3w. W tym celu prosimy o kontakt:<br>  <\/p><p><strong>Ryszard Osowski Geigenbau<br>Ryszard Osowski<br>Bayreutherstra\u00dfe 9<br>91301 Forchheim, Niemcy<br>S\u0105d rejestrowy: Amtsgericht Forchheim<br>E-mail: info@osowski-violins.com<br><\/strong><\/p><\/li><li>Prawo do informacji<br>Maj\u0105 Pa\u0144stwo prawo uzyska\u0107 potwierdzenie, czy przetwarzane s\u0105 dane osobowe, kt\u00f3re Pa\u0144stwa dotycz\u0105. Je\u015bli tak jest, przys\u0142uguje Pa\u0144stwu prawo do informacji zgodnie z art. 15 RODO \u2013 w tym do uzyskania informacji o celach przetwarzania, kategoriach danych, odbiorcach, okresie przechowywania oraz \u017ar\u00f3dle danych (je\u015bli nie zosta\u0142y zebrane bezpo\u015brednio od Pa\u0144stwa).  <\/li><li>Prawo do sprostowania<br>Zgodnie z art. 16 RODO, maj\u0105 Pa\u0144stwo prawo do sprostowania nieprawid\u0142owych lub uzupe\u0142nienia niekompletnych danych osobowych.<\/li><li>Prawo do usuni\u0119cia danych (\u201eprawo do bycia zapomnianym\u201d)<br>Maj\u0105 Pa\u0144stwo prawo \u017c\u0105da\u0107 usuni\u0119cia swoich danych osobowych zgodnie z art. 17 RODO, o ile nie stoj\u0105 temu na przeszkodzie przepisy prawa lub obowi\u0105zki zwi\u0105zane z przechowywaniem danych wynikaj\u0105ce z umowy.<\/li><li>Prawo do ograniczenia przetwarzania<br>Zgodnie z art. 18 ust. 1 lit. a\u2013d RODO, maj\u0105 Pa\u0144stwo prawo \u017c\u0105da\u0107 ograniczenia przetwarzania danych, je\u015bli:  <br>kwestionuj\u0105 Pa\u0144stwo prawid\u0142owo\u015b\u0107 danych osobowych \u2013 na okres umo\u017cliwiaj\u0105cy ich weryfikacj\u0119,<p>przetwarzanie jest niezgodne z prawem, ale sprzeciwiaj\u0105 si\u0119 Pa\u0144stwo usuni\u0119ciu danych,<\/p><p>administrator nie potrzebuje ju\u017c danych, ale s\u0105 one niezb\u0119dne do dochodzenia lub obrony roszcze\u0144,<\/p><p>wnie\u015bli Pa\u0144stwo sprzeciw na mocy art. 21 ust. 1 RODO i trwa analiza, czy interesy administratora s\u0105 nadrz\u0119dne wobec Pa\u0144stwa interes\u00f3w. <\/p><\/li><li>Prawo do przenoszenia danych<br>Zgodnie z art. 20 RODO, maj\u0105 Pa\u0144stwo prawo do otrzymania swoich danych osobowych w ustrukturyzowanym, powszechnie u\u017cywanym formacie nadaj\u0105cym si\u0119 do odczytu maszynowego lub przekazania ich innemu administratorowi.<\/li><li>Prawo do z\u0142o\u017cenia skargi<br>Przys\u0142uguje Pa\u0144stwu prawo do z\u0142o\u017cenia skargi do organu nadzorczego, w szczeg\u00f3lno\u015bci w pa\u0144stwie cz\u0142onkowskim, w kt\u00f3rym maj\u0105 Pa\u0144stwo miejsce zamieszkania, pracy lub w kt\u00f3rym dosz\u0142o do domniemanego naruszenia. <\/li><\/ol><p><strong>Bezpiecze\u0144stwo danych<\/strong><\/p><p>W celu ochrony wszystkich przekazanych nam danych osobowych oraz zapewnienia zgodno\u015bci z przepisami o ochronie danych \u2013 zar\u00f3wno przez nas, jak i przez naszych zewn\u0119trznych us\u0142ugodawc\u00f3w \u2013 wdro\u017cyli\u015bmy odpowiednie techniczne i organizacyjne \u015brodki bezpiecze\u0144stwa.<br>W szczeg\u00f3lno\u015bci wszystkie dane przesy\u0142ane mi\u0119dzy Pa\u0144stwa przegl\u0105dark\u0105 a naszym serwerem s\u0105 szyfrowane za pomoc\u0105 bezpiecznego po\u0142\u0105czenia SSL. <\/p><p><strong>Stan na dzie\u0144: 21 maja 2023 r.<\/strong><\/p>\t\t\t\t\t\t\t\t<\/div>\n\t\t\t\t<\/div>\n\t\t\t\t\t<\/div>\n\t\t<\/div>\n\t\t\t\t\t<\/div>\n\t\t<\/section>\n\t\t\t\t<\/div>\n\t\t","protected":false},"excerpt":{"rendered":"<p>Polityka prywatno\u015bci oni\u017cej informujemy Pa\u0144stwa zgodnie z wymogami prawnymi dotycz\u0105cymi ochrony danych osobowych (w szczeg\u00f3lno\u015bci zgodnie z niemieck\u0105 ustaw\u0105 BDSG n.F. oraz europejskim Rozporz\u0105dzeniem o Ochronie Danych Osobowych \u2013 RODO \/ DS-GVO) o rodzaju, zakresie i celu przetwarzania danych osobowych przez nasz\u0105 firm\u0119.Niniejsza polityka prywatno\u015bci obowi\u0105zuje r\u00f3wnie\u017c w odniesieniu do naszych stron internetowych i profili [&hellip;]<\/p>\n","protected":false},"author":1,"featured_media":0,"parent":0,"menu_order":0,"comment_status":"closed","ping_status":"closed","template":"","meta":{"inline_featured_image":false,"site-sidebar-layout":"no-sidebar","site-content-layout":"page-builder","ast-site-content-layout":"default","site-content-style":"default","site-sidebar-style":"default","ast-global-header-display":"","ast-banner-title-visibility":"","ast-main-header-display":"","ast-hfb-above-header-display":"","ast-hfb-below-header-display":"","ast-hfb-mobile-header-display":"","site-post-title":"disabled","ast-breadcrumbs-content":"","ast-featured-img":"disabled","footer-sml-layout":"","ast-disable-related-posts":"","theme-transparent-header-meta":"default","adv-header-id-meta":"","stick-header-meta":"","header-above-stick-meta":"","header-main-stick-meta":"","header-below-stick-meta":"","astra-migrate-meta-layouts":"default","ast-page-background-enabled":"default","ast-page-background-meta":{"desktop":{"background-color":"","background-image":"","background-repeat":"repeat","background-position":"center center","background-size":"auto","background-attachment":"scroll","background-type":"","background-media":"","overlay-type":"","overlay-color":"","overlay-opacity":"","overlay-gradient":""},"tablet":{"background-color":"","background-image":"","background-repeat":"repeat","background-position":"center center","background-size":"auto","background-attachment":"scroll","background-type":"","background-media":"","overlay-type":"","overlay-color":"","overlay-opacity":"","overlay-gradient":""},"mobile":{"background-color":"","background-image":"","background-repeat":"repeat","background-position":"center center","background-size":"auto","background-attachment":"scroll","background-type":"","background-media":"","overlay-type":"","overlay-color":"","overlay-opacity":"","overlay-gradient":""}},"ast-content-background-meta":{"desktop":{"background-color":"var(--ast-global-color-5)","background-image":"","background-repeat":"repeat","background-position":"center center","background-size":"auto","background-attachment":"scroll","background-type":"","background-media":"","overlay-type":"","overlay-color":"","overlay-opacity":"","overlay-gradient":""},"tablet":{"background-color":"var(--ast-global-color-5)","background-image":"","background-repeat":"repeat","background-position":"center center","background-size":"auto","background-attachment":"scroll","background-type":"","background-media":"","overlay-type":"","overlay-color":"","overlay-opacity":"","overlay-gradient":""},"mobile":{"background-color":"var(--ast-global-color-5)","background-image":"","background-repeat":"repeat","background-position":"center center","background-size":"auto","background-attachment":"scroll","background-type":"","background-media":"","overlay-type":"","overlay-color":"","overlay-opacity":"","overlay-gradient":""}},"footnotes":""},"class_list":["post-12743","page","type-page","status-publish","hentry"],"jetpack_sharing_enabled":true,"_links":{"self":[{"href":"https:\/\/osowski-violins.com\/pl\/wp-json\/wp\/v2\/pages\/12743","targetHints":{"allow":["GET"]}}],"collection":[{"href":"https:\/\/osowski-violins.com\/pl\/wp-json\/wp\/v2\/pages"}],"about":[{"href":"https:\/\/osowski-violins.com\/pl\/wp-json\/wp\/v2\/types\/page"}],"author":[{"embeddable":true,"href":"https:\/\/osowski-violins.com\/pl\/wp-json\/wp\/v2\/users\/1"}],"replies":[{"embeddable":true,"href":"https:\/\/osowski-violins.com\/pl\/wp-json\/wp\/v2\/comments?post=12743"}],"version-history":[{"count":1,"href":"https:\/\/osowski-violins.com\/pl\/wp-json\/wp\/v2\/pages\/12743\/revisions"}],"predecessor-version":[{"id":12744,"href":"https:\/\/osowski-violins.com\/pl\/wp-json\/wp\/v2\/pages\/12743\/revisions\/12744"}],"wp:attachment":[{"href":"https:\/\/osowski-violins.com\/pl\/wp-json\/wp\/v2\/media?parent=12743"}],"curies":[{"name":"wp","href":"https:\/\/api.w.org\/{rel}","templated":true}]}}